{"id":3387,"date":"2021-09-17T10:30:56","date_gmt":"2021-09-17T08:30:56","guid":{"rendered":"https:\/\/cppaderborn.educacion.navarra.es\/web\/?page_id=3387"},"modified":"2021-10-01T14:32:01","modified_gmt":"2021-10-01T12:32:01","slug":"actividades-extraescolares","status":"publish","type":"page","link":"https:\/\/cppaderborn.educacion.navarra.es\/web\/actividades-extraescolares\/","title":{"rendered":"Actividades extraescolares"},"content":{"rendered":"\t\t<div data-elementor-type=\"wp-page\" data-elementor-id=\"3387\" class=\"elementor elementor-3387\" data-elementor-post-type=\"page\">\n\t\t\t\t\t\t\t\t\t<section class=\"elementor-section elementor-top-section elementor-element elementor-element-543147ff elementor-section-boxed elementor-section-height-default elementor-section-height-default\" data-id=\"543147ff\" data-element_type=\"section\">\n\t\t\t\t\t\t<div class=\"elementor-container elementor-column-gap-default\">\n\t\t\t\t\t<div class=\"elementor-column elementor-col-100 elementor-top-column elementor-element elementor-element-23d9cde5\" data-id=\"23d9cde5\" data-element_type=\"column\">\n\t\t\t<div class=\"elementor-widget-wrap elementor-element-populated\">\n\t\t\t\t\t\t\t\t<div class=\"elementor-element elementor-element-5eabdfd6 elementor-widget elementor-widget-text-editor\" data-id=\"5eabdfd6\" data-element_type=\"widget\" data-widget_type=\"text-editor.default\">\n\t\t\t\t<div class=\"elementor-widget-container\">\n\t\t\t\t\t\t\t<p><!-- wp:paragraph --><\/p>\n<p>En base a lo recogido en el punto <strong>1. Organizaci\u00f3n escolar adaptada a la pandemia<\/strong> del \u201cProtocolo de prevenci\u00f3n y organizaci\u00f3n para el desarrollo de la actividad educativa presencial para el curso acad\u00e9mico 2021\/2022\u201d y en concreto en el apartado 4.- <strong>Vigencia de la situaci\u00f3n y posibles medidas de relajaci\u00f3n<\/strong>, a partir del <strong>pr\u00f3ximo lunes 4 de octubre de 2021 se aplicar\u00e1 la Jornada continua con oferta de actividades extraescolares<\/strong> en todos los centros de Educaci\u00f3n Infantil y Primaria seg\u00fan lo establecido en el apartado 4.1.- Jornada continua con oferta de actividades extraescolares del citado protocolo.<\/p>\n<p><!-- \/wp:paragraph --><\/p>\n<p><!-- wp:paragraph --><\/p>\n<p>Nuestro colegio ofrecer\u00e1 a nuestro alumnado un conjunto de actividades que, m\u00e1s all\u00e1 de la educaci\u00f3n formal, complementen y enriquezcan la formaci\u00f3n, estimulen y canalicen la creatividad. La oferta es variada y abarca todas aquellas facetas de la formaci\u00f3n y el ocio que cubren las demandas habituales de las familias: actividades de idiomas, culturales y deportivas.\u00a0<strong>Las actividades formativas extraescolares, voluntarias para el alumnado, se realizar\u00e1n a partir de octubre, de 15:45 h. a 16:30 h. los lunes, martes, mi\u00e9rcoles y jueves<\/strong>. Ser\u00e1n atendidas por todo el claustro de profesorado con horas disponibles de c\u00f3mputo lectivo. Se procurar\u00e1 que, siempre que sea posible, cada docente imparta las actividades en su mismo ciclo y nivel.<\/p>\n<p><!-- \/wp:paragraph --><\/p>\t\t\t\t\t\t<\/div>\n\t\t\t\t<\/div>\n\t\t\t\t<div class=\"elementor-element elementor-element-5ae4b57 elementor-align-center elementor-button-danger elementor-widget elementor-widget-button\" data-id=\"5ae4b57\" data-element_type=\"widget\" data-widget_type=\"button.default\">\n\t\t\t\t<div class=\"elementor-widget-container\">\n\t\t\t\t\t<div class=\"elementor-button-wrapper\">\n\t\t\t<a class=\"elementor-button elementor-button-link elementor-size-lg elementor-animation-shrink\" href=\"https:\/\/docs.google.com\/forms\/d\/e\/1FAIpQLSeKCswCXAXzrUvswiyqWDGHU_j2ZBcVc0N0hPzK4MFjYQB-3A\/viewform?usp=sf_link\" target=\"_blank\" rel=\"nofollow\">\n\t\t\t\t\t\t<span class=\"elementor-button-content-wrapper\">\n\t\t\t\t\t\t<span class=\"elementor-button-text\">Bajas en actividades extraescolares del centro<\/span>\n\t\t<\/span>\n\t\t\t\t\t<\/a>\n\t\t<\/div>\n\t\t\t\t<\/div>\n\t\t\t\t<\/div>\n\t\t\t\t<div class=\"elementor-element elementor-element-494d642 elementor-align-center elementor-widget elementor-widget-button\" data-id=\"494d642\" data-element_type=\"widget\" data-widget_type=\"button.default\">\n\t\t\t\t<div class=\"elementor-widget-container\">\n\t\t\t\t\t<div class=\"elementor-button-wrapper\">\n\t\t\t<a class=\"elementor-button elementor-button-link elementor-size-lg elementor-animation-shrink\" href=\"https:\/\/docs.google.com\/forms\/d\/e\/1FAIpQLScZ0QqYpqhQtKEYNDcT0Vn_7-Fz27Uqfw2uhQ3QTpq3PbA24w\/viewform?usp=sf_link\" target=\"_blank\" rel=\"nofollow\">\n\t\t\t\t\t\t<span class=\"elementor-button-content-wrapper\">\n\t\t\t\t\t\t<span class=\"elementor-button-text\">Solicitud de inscripci\u00f3n extraordinaria en extraescolares del centro<\/span>\n\t\t<\/span>\n\t\t\t\t\t<\/a>\n\t\t<\/div>\n\t\t\t\t<\/div>\n\t\t\t\t<\/div>\n\t\t\t\t<div class=\"elementor-element elementor-element-4fe2137 elementor-widget elementor-widget-text-editor\" data-id=\"4fe2137\" data-element_type=\"widget\" data-widget_type=\"text-editor.default\">\n\t\t\t\t<div class=\"elementor-widget-container\">\n\t\t\t\t\t\t\t<p style=\"text-align: center;\"><strong><span style=\"color: #ff0000;\">El plazo ordinario de inscripci\u00f3n fue del mi\u00e9rcoles 22 al lunes 27 de septiembre inclusive. Las bajas se pueden realizar en cualquier momento. Las solicitudes de nuevas altas est\u00e1n supeditadas a la existencia de plaza y deben confirmarse.<\/span><\/strong><\/p>\n<p style=\"color: #7a7a7a;\">Una vez que el formulario se env\u00eda se recibe una copia por correo electr\u00f3nico de la inscripci\u00f3n. No es una confirmaci\u00f3n, s\u00f3lo una copia de su solicitud.<\/p>\t\t\t\t\t\t<\/div>\n\t\t\t\t<\/div>\n\t\t\t\t\t<\/div>\n\t\t<\/div>\n\t\t\t\t\t\t\t<\/div>\n\t\t<\/section>\n\t\t\t\t<section class=\"elementor-section elementor-top-section elementor-element elementor-element-fae96b5 elementor-section-boxed elementor-section-height-default elementor-section-height-default\" data-id=\"fae96b5\" data-element_type=\"section\">\n\t\t\t\t\t\t<div class=\"elementor-container elementor-column-gap-default\">\n\t\t\t\t\t<div class=\"elementor-column elementor-col-100 elementor-top-column elementor-element elementor-element-2dcd4fe\" data-id=\"2dcd4fe\" data-element_type=\"column\">\n\t\t\t<div class=\"elementor-widget-wrap elementor-element-populated\">\n\t\t\t\t\t\t\t\t<div class=\"elementor-element elementor-element-71a11d3 elementor-tabs-view-horizontal elementor-widget elementor-widget-tabs\" data-id=\"71a11d3\" data-element_type=\"widget\" data-widget_type=\"tabs.default\">\n\t\t\t\t<div class=\"elementor-widget-container\">\n\t\t\t\t\t<div class=\"elementor-tabs\">\n\t\t\t<div class=\"elementor-tabs-wrapper\" role=\"tablist\" >\n\t\t\t\t\t\t\t\t\t<div id=\"elementor-tab-title-1191\" class=\"elementor-tab-title elementor-tab-desktop-title\" aria-selected=\"true\" data-tab=\"1\" role=\"tab\" tabindex=\"0\" aria-controls=\"elementor-tab-content-1191\" aria-expanded=\"false\">Normativa<\/div>\n\t\t\t\t\t\t\t\t\t<div id=\"elementor-tab-title-1192\" class=\"elementor-tab-title elementor-tab-desktop-title\" aria-selected=\"false\" data-tab=\"2\" role=\"tab\" tabindex=\"-1\" aria-controls=\"elementor-tab-content-1192\" aria-expanded=\"false\">Extraescolares centro<\/div>\n\t\t\t\t\t\t\t\t\t<div id=\"elementor-tab-title-1193\" class=\"elementor-tab-title elementor-tab-desktop-title\" aria-selected=\"false\" data-tab=\"3\" role=\"tab\" tabindex=\"-1\" aria-controls=\"elementor-tab-content-1193\" aria-expanded=\"false\">Extraescolares APYMA<\/div>\n\t\t\t\t\t\t\t\t\t<div id=\"elementor-tab-title-1194\" class=\"elementor-tab-title elementor-tab-desktop-title\" aria-selected=\"false\" data-tab=\"4\" role=\"tab\" tabindex=\"-1\" aria-controls=\"elementor-tab-content-1194\" aria-expanded=\"false\">COWORKIDS<\/div>\n\t\t\t\t\t\t\t\t\t<div id=\"elementor-tab-title-1195\" class=\"elementor-tab-title elementor-tab-desktop-title\" aria-selected=\"false\" data-tab=\"5\" role=\"tab\" tabindex=\"-1\" aria-controls=\"elementor-tab-content-1195\" aria-expanded=\"false\">Preguntas frecuentes<\/div>\n\t\t\t\t\t\t\t\t\t<div id=\"elementor-tab-title-1196\" class=\"elementor-tab-title elementor-tab-desktop-title\" aria-selected=\"false\" data-tab=\"6\" role=\"tab\" tabindex=\"-1\" aria-controls=\"elementor-tab-content-1196\" aria-expanded=\"false\">Consultas<\/div>\n\t\t\t\t\t\t\t<\/div>\n\t\t\t<div class=\"elementor-tabs-content-wrapper\" role=\"tablist\" aria-orientation=\"vertical\">\n\t\t\t\t\t\t\t\t\t<div class=\"elementor-tab-title elementor-tab-mobile-title\" aria-selected=\"true\" data-tab=\"1\" role=\"tab\" tabindex=\"0\" aria-controls=\"elementor-tab-content-1191\" aria-expanded=\"false\">Normativa<\/div>\n\t\t\t\t\t<div id=\"elementor-tab-content-1191\" class=\"elementor-tab-content elementor-clearfix\" data-tab=\"1\" role=\"tabpanel\" aria-labelledby=\"elementor-tab-title-1191\" tabindex=\"0\" hidden=\"false\"><p><a href=\"https:\/\/cppaderborn.educacion.navarra.es\/web\/wp-content\/uploads\/2021\/06\/20210618_083713-scaled.jpg\"><img fetchpriority=\"high\" decoding=\"async\" class=\"alignnone wp-image-3035 size-large\" src=\"https:\/\/cppaderborn.educacion.navarra.es\/web\/wp-content\/uploads\/2021\/06\/20210618_083713-1024x576.jpg\" alt=\"\" width=\"1024\" height=\"576\" srcset=\"https:\/\/cppaderborn.educacion.navarra.es\/web\/wp-content\/uploads\/2021\/06\/20210618_083713-1024x576.jpg 1024w, https:\/\/cppaderborn.educacion.navarra.es\/web\/wp-content\/uploads\/2021\/06\/20210618_083713-300x169.jpg 300w, https:\/\/cppaderborn.educacion.navarra.es\/web\/wp-content\/uploads\/2021\/06\/20210618_083713-768x432.jpg 768w, https:\/\/cppaderborn.educacion.navarra.es\/web\/wp-content\/uploads\/2021\/06\/20210618_083713-1536x864.jpg 1536w, https:\/\/cppaderborn.educacion.navarra.es\/web\/wp-content\/uploads\/2021\/06\/20210618_083713-2048x1152.jpg 2048w\" sizes=\"(max-width: 1024px) 100vw, 1024px\" \/><\/a><\/p>\n<ul>\n<li>Las actividades extraescolares ofrecidas por el Centro tienen car\u00e1cter voluntario y son gratuitas. Las actividades extraescolares organizadas por la APYMA u otras organizaciones suelen conllevar un coste.<\/li>\n<li>Todos los grupos contar\u00e1n con un m\u00e1ximo de 25 alumnos\/as.<\/li>\n<li>Que una actividad pueda desarrollarse depender\u00e1 de la existencia de un n\u00famero suficiente de alumnos\/as en la misma. Se podr\u00e1 agrupar alumnado de varios cursos de manera justificada.<\/li>\n<li>Se realizar\u00e1 un control de asistencia del alumnado en las distintas actividades extraescolares. Por ello las familias deber\u00e1n justificar la causa de la ausencia mediante una nota que se entregar\u00e1 al d\u00eda siguiente de la falta al tutor\/a. La ausencia prolongada e injustificada de la actividad (tres sesiones) supondr\u00e1 la baja del ni\u00f1o o ni\u00f1a en la misma.<\/li>\n<li>El profesorado ser\u00e1 responsable del alumnado que tenga a su cargo en cada momento. Se seguir\u00e1n las normas recogidas en el Reglamento de Convivencia del centro.<\/li>\n<li>Se atender\u00e1n y se dar\u00e1 respuesta a todas las solicitudes presentadas en el periodo ordinario de inscripci\u00f3n (del 22 al 27 de septiembre).<\/li>\n<li>Cada equipo de ciclo del profesorado examinar\u00e1 las solicitudes presentadas y confeccionar\u00e1 las listas de participantes de cada actividad y el profesorado que las imparte.<\/li>\n<\/ul><\/div>\n\t\t\t\t\t\t\t\t\t<div class=\"elementor-tab-title elementor-tab-mobile-title\" aria-selected=\"false\" data-tab=\"2\" role=\"tab\" tabindex=\"-1\" aria-controls=\"elementor-tab-content-1192\" aria-expanded=\"false\">Extraescolares centro<\/div>\n\t\t\t\t\t<div id=\"elementor-tab-content-1192\" class=\"elementor-tab-content elementor-clearfix\" data-tab=\"2\" role=\"tabpanel\" aria-labelledby=\"elementor-tab-title-1192\" tabindex=\"0\" hidden=\"hidden\"><p>A partir de octubre, el Centro organiza actividades extraescolares voluntarias y gratuitas de lunes a jueves, de 15:45 a 16:30 horas. El plazo de inscripci\u00f3n de este curso es del 22 al 27 de septiembre.<\/p>\n<p><iframe height=\"800\" src=\"https:\/\/docs.google.com\/document\/d\/e\/2PACX-1vTtokeaJdOTcCvaF9kjRdhxg0DbSGcWZaAkjMs0wE998dDwcaW-D_MzyPjTY8YIR46CuRvrtC1s2LTZ\/pub?embedded=true\"><\/iframe><\/p><\/div>\n\t\t\t\t\t\t\t\t\t<div class=\"elementor-tab-title elementor-tab-mobile-title\" aria-selected=\"false\" data-tab=\"3\" role=\"tab\" tabindex=\"-1\" aria-controls=\"elementor-tab-content-1193\" aria-expanded=\"false\">Extraescolares APYMA<\/div>\n\t\t\t\t\t<div id=\"elementor-tab-content-1193\" class=\"elementor-tab-content elementor-clearfix\" data-tab=\"3\" role=\"tabpanel\" aria-labelledby=\"elementor-tab-title-1193\" tabindex=\"0\" hidden=\"hidden\"><div><a href=\"https:\/\/cppaderborn.educacion.navarra.es\/web\/wp-content\/uploads\/2020\/08\/ApymaICONONuevo.120.png\"><img decoding=\"async\" class=\"size-full wp-image-1998 alignright\" src=\"https:\/\/cppaderborn.educacion.navarra.es\/web\/wp-content\/uploads\/2020\/08\/ApymaICONONuevo.120.png\" alt=\"\" width=\"120\" height=\"118\" \/><\/a>Estimados padres y madres, a continuaci\u00f3n pod\u00e9is ver el cuadro con la oferta de extraescolares organizadas por la Apyma:<\/div>\n<div>\n<ul>\n<li>El plazo de inscripci\u00f3n es desde hoy 22 de septiembre hasta el 27 de septiembre. El 28 se comunicar\u00e1n las listas provisionales y las vacantes existentes.<\/li>\n<li>Para realizar la inscripci\u00f3n deb\u00e9is pinchar en la actividad elegida y se abrir\u00e1 un formulario que deb\u00e9is rellenar y enviar.<\/li>\n<li>Debajo del cuadro con la distribuci\u00f3n horaria ten\u00e9is toda la informaci\u00f3n sobre cada una de las actividades.<\/li>\n<li>Las matr\u00edculas que hicisteis en junio no son v\u00e1lidas y deb\u00e9is rellenar de nuevo los formularios de las actividades elegidas (a no ser que os haya llegado mensaje de lo contrario a los inscritos en CNAI y f\u00fatbol).<\/li>\n<li>No es necesario que el alumnado se quede al comedor para poder inscribirse a las actividades. Conviene saber si se quedan por motivos organizativos.<\/li>\n<li>La prioridad en la asistencia ser\u00e1 por orden de inscripci\u00f3n.\u00a0<\/li>\n<\/ul>\n<div>Esperando que la oferta sea de vuestro agrado, recibid un cordial saludo.<\/div>\n<\/div>\n<div>La Junta de la Apyma Paderborn.<\/div>\n<div>\u00a0<\/div>\n<div>\u00a0<\/div>\n<div><a href=\"https:\/\/cppaderborn.educacion.navarra.es\/web\/wp-content\/uploads\/2021\/09\/Extraescolares-Apyma-Paderborn-21-22-jornada-continua.pdf\" class=\"pdfemb-viewer\" style=\"\" data-width=\"max\" data-height=\"max\" data-toolbar=\"bottom\" data-toolbar-fixed=\"off\">Extraescolares Apyma Paderborn 21-22 jornada continua<\/a><\/div><\/div>\n\t\t\t\t\t\t\t\t\t<div class=\"elementor-tab-title elementor-tab-mobile-title\" aria-selected=\"false\" data-tab=\"4\" role=\"tab\" tabindex=\"-1\" aria-controls=\"elementor-tab-content-1194\" aria-expanded=\"false\">COWORKIDS<\/div>\n\t\t\t\t\t<div id=\"elementor-tab-content-1194\" class=\"elementor-tab-content elementor-clearfix\" data-tab=\"4\" role=\"tabpanel\" aria-labelledby=\"elementor-tab-title-1194\" tabindex=\"0\" hidden=\"hidden\"><p><!-- wp:paragraph --><\/p>\n<p>COworkids es el proyecto del Ayuntamiento de Pamplona que \u00abprioriza el\u00a0<strong>inter\u00e9s superior de las ni\u00f1as, los ni\u00f1os y adolescentes<\/strong>, que promueve el bienestar de la infancia y adolescencia en una\u00a0<strong>sociedad inclusiva, integradora y participativa<\/strong>, en la que se fomenta la\u00a0<strong>gobernabilidad democr\u00e1tica<\/strong>.\u00bb<\/p>\n<p><!-- \/wp:paragraph --> <!-- wp:paragraph --><\/p>\n<p>Este curso oferta las siguientes actividades gratuitas para el <strong>barrio de la Milagrosa<\/strong>:<\/p>\n<p><!-- \/wp:paragraph --> <!-- wp:image {\"id\":3481,\"sizeSlug\":\"large\",\"linkDestination\":\"custom\"} --><\/p>\n<figure class=\"wp-block-image size-large\"><a href=\"https:\/\/www.coworkidspamplona.es\/actividades\/\" target=\"_blank\" rel=\"noopener\"><img decoding=\"async\" width=\"1024\" height=\"683\" class=\"wp-image-3481\" src=\"https:\/\/cppaderborn.educacion.navarra.es\/web\/wp-content\/uploads\/2021\/09\/001_AGENDAS_SEMANALES_BARRIOS-FINAL11-1200x800-1-1024x683.png\" alt=\"\" srcset=\"https:\/\/cppaderborn.educacion.navarra.es\/web\/wp-content\/uploads\/2021\/09\/001_AGENDAS_SEMANALES_BARRIOS-FINAL11-1200x800-1-1024x683.png 1024w, https:\/\/cppaderborn.educacion.navarra.es\/web\/wp-content\/uploads\/2021\/09\/001_AGENDAS_SEMANALES_BARRIOS-FINAL11-1200x800-1-300x200.png 300w, https:\/\/cppaderborn.educacion.navarra.es\/web\/wp-content\/uploads\/2021\/09\/001_AGENDAS_SEMANALES_BARRIOS-FINAL11-1200x800-1-768x512.png 768w, https:\/\/cppaderborn.educacion.navarra.es\/web\/wp-content\/uploads\/2021\/09\/001_AGENDAS_SEMANALES_BARRIOS-FINAL11-1200x800-1.png 1200w\" sizes=\"(max-width: 1024px) 100vw, 1024px\" \/><\/a><\/figure>\n<p><!-- \/wp:image --> <!-- wp:paragraph --><\/p>\n<p>Para otros barrios de Pamplona <a href=\"https:\/\/www.coworkidspamplona.es\/actividades\/\" target=\"_blank\" rel=\"noreferrer noopener\">aqu\u00ed pueden encontrar la oferta, a qui\u00e9nes van dirigidas, horarios y lugares<\/a>.<\/p>\n<p><!-- \/wp:paragraph --> <!-- wp:heading --><\/p>\n<h2>INSCRIPCIONES DEL 13 AL 23 DE SEPTIEMBRE A TRAV\u00c9S DEL TEL\u00c9FONO: 669 907 343 EN HORARIO DE 9:00 A 12:00 Y DE 16:00 A 20:00<\/h2>\n<p><!-- \/wp:heading --> <!-- wp:heading --><\/p>\n<h2><a href=\"mailto:coworkids@pamplona.es\"><strong>PARA + INFORMACI\u00d3N:<\/strong>\u00a0COWORKIDS@PAMPLONA.ES<\/a><\/h2>\n<p><!-- \/wp:heading --><\/p><\/div>\n\t\t\t\t\t\t\t\t\t<div class=\"elementor-tab-title elementor-tab-mobile-title\" aria-selected=\"false\" data-tab=\"5\" role=\"tab\" tabindex=\"-1\" aria-controls=\"elementor-tab-content-1195\" aria-expanded=\"false\">Preguntas frecuentes<\/div>\n\t\t\t\t\t<div id=\"elementor-tab-content-1195\" class=\"elementor-tab-content elementor-clearfix\" data-tab=\"5\" role=\"tabpanel\" aria-labelledby=\"elementor-tab-title-1195\" tabindex=\"0\" hidden=\"hidden\"><p><strong><a href=\"https:\/\/cppaderborn.educacion.navarra.es\/web\/wp-content\/uploads\/2021\/09\/faq-alfa-forni.png\"><img loading=\"lazy\" decoding=\"async\" class=\"size-medium wp-image-3398 alignright\" src=\"https:\/\/cppaderborn.educacion.navarra.es\/web\/wp-content\/uploads\/2021\/09\/faq-alfa-forni-300x300.png\" alt=\"\" width=\"300\" height=\"300\" srcset=\"https:\/\/cppaderborn.educacion.navarra.es\/web\/wp-content\/uploads\/2021\/09\/faq-alfa-forni-300x300.png 300w, https:\/\/cppaderborn.educacion.navarra.es\/web\/wp-content\/uploads\/2021\/09\/faq-alfa-forni-150x150.png 150w, https:\/\/cppaderborn.educacion.navarra.es\/web\/wp-content\/uploads\/2021\/09\/faq-alfa-forni.png 500w\" sizes=\"(max-width: 300px) 100vw, 300px\" \/><\/a>1. \u00bfCu\u00e1ndo conoceremos las actividades extraescolares?<\/strong> El pr\u00f3ximo mi\u00e9rcoles d\u00eda 22 de septiembre se habilitar\u00e1 un formulario online que se har\u00e1 llegar a todas las familias del centro. Adem\u00e1s, las tutoras y tutores facilitar\u00e1n una ficha de inscripci\u00f3n en papel a quienes la soliciten.<\/p>\n<p><strong>2. \u00bfQu\u00e9 plazo hay para inscribir a mi hijo\/a en las actividades extraescolares del curso 2021-22?<\/strong> Del mi\u00e9rcoles 22 al lunes 27 de septiembre inclusive.<\/p>\n<p><strong>3. \u00bfQu\u00e9 ratio tienen las actividades extraescolares?<\/strong> La ratio para la realizaci\u00f3n de estas actividades ser\u00e1 la establecida con car\u00e1cter general de 25 alumnos y alumnas. Si el grupo lo forma m\u00e1s de un grupo estable de convivencia, se deber\u00e1 de guardar la distancia de 1,5 m entre dichos grupos estables.<\/p>\n<p><strong>4. \u00bfQu\u00e9 ocurre si la demanda de plazas es mayor que la oferta?<\/strong> Dado que estas actividades son de car\u00e1cter voluntario para el alumnado, si la demanda de plazas fuera mayor que la oferta, se seguir\u00e1 el siguiente orden de prelaci\u00f3n:<\/p>\n<p style=\"padding-left: 40px;\">1\u00ba El alumnado de familias econ\u00f3micamente desfavorecidas. <br \/>2\u00ba El alumnado perteneciente a familias monoparentales que justifiquen por motivos laborales la imposibilidad de poder hacerse cargo de sus hijas e hijos en ese horario.<br \/>3\u00ba El alumnado cuyos progenitores justifiquen por motivos laborales la imposibilidad de poder hacerse cargo de sus hijas e hijos en ese horario.<br \/>4\u00ba El alumnado de Educaci\u00f3n Infantil.<br \/>5\u00ba El resto del alumnado ordenado por franja de edad, de menor a mayor.<\/p>\n<p>En todo caso, en la adjudicaci\u00f3n de plazas se tendr\u00e1 en cuenta que, en el caso de hermanos, cuando el menor sea admitido, directamente genera derecho a que tambi\u00e9n lo sean su(s) hermano(s) o hermana(s) de mayor edad del mismo centro.<\/p>\n<p><strong>5.<\/strong> <strong>\u00bfA qu\u00e9 hora se va a entrar?<\/strong> A las 9:00 horas de la ma\u00f1ana.<br \/><strong>6.<\/strong> <strong>\u00bfQu\u00e9 horas de salida habr\u00e1?<\/strong> A las 14:00 (despu\u00e9s de las clases). A las 15:45 horas (despu\u00e9s del comedor) y a las 16:30 horas (despu\u00e9s de las actividades extraescolares). Los viernes y los meses de septiembre y junio no habr\u00e1 extraescolares.<br \/><strong>7. \u00bfPor qu\u00e9 publicaron en prensa que los colegios organizar\u00e1n a partir del 4 de octubre 2 sesiones extraescolares de 45 minutos y el centro ofrece 1 sesi\u00f3n de 50 minutos?<\/strong> Porque el \u201cProtocolo de prevenci\u00f3n y organizaci\u00f3n para el desarrollo de la actividad educativa presencial para el curso acad\u00e9mico 2021\/2022\u201d es la normativa com\u00fan a todos los centros educativos de la Comunidad Foral, ya sean de titularidad p\u00fablica, concertada o privada. Son pautas generales que cada centro tiene que adecuar seg\u00fan sus caracter\u00edsticas. Los centros recibimos el viernes d\u00eda 10 de septiembre un documento del Servicio de Inspecci\u00f3n con aclaraciones a dicho protocolo y el martes d\u00eda 14 hubo una reuni\u00f3n de directores y directoras con Direcci\u00f3n General de Educaci\u00f3n que se emiti\u00f3 en directo y se ha actuado conforme a las indicaciones recibidas.<br \/><strong>8.<\/strong> <strong>\u00bfPor qu\u00e9 la salida de las actividades extraescolares es a las 16:30 horas?<\/strong> Es el mismo horario de salida que tenemos en nuestra jornada partida habitual.<br \/><strong>9.<\/strong> <strong>\u00bfPor qu\u00e9 no se pueden comenzar las actividades extraescolares antes?<\/strong> Porque el profesorado tiene reuniones todos los d\u00edas de 14:00 a 15:00 horas y debe tener un espacio para comer. <br \/><strong>10. \u00bfQu\u00e9 horario tendr\u00e1 el comedor?<\/strong> De 14:00 a 15:45 horas, de septiembre a junio inclusive. Habr\u00e1 2 turnos por la capacidad y aforo del comedor.<br \/><strong>11. \u00bfSe puede quedar mi hijo\/a al comedor y no quedarse a las actividades extraescolares?<\/strong> S\u00ed, sin problema.<br \/><strong>12. \u00bfSon obligatorias las actividades extraescolares?<\/strong> No, son optativas.<br \/><strong>13. \u00bfTengo que apuntar a mi hijo\/a en las actividades organizadas por el centro ahora?<\/strong> S\u00ed, antes del 27 de septiembre.<br \/><strong>14. \u00bfPuedo apuntar a mi hijo\/a en octubre o m\u00e1s adelante?<\/strong> S\u00ed, siempre que haya plazas en la actividad. <br \/><strong>15. \u00bfPuedo apuntar a mi hijo\/a en las actividades extraescolares aunque no haga uso del comedor?<\/strong> Claro, tiene el mismo derecho.<br \/><strong>16. \u00bfHay que apuntarles todos los d\u00edas?<\/strong> No, solo los d\u00edas que se deseen.<br \/><strong>17. \u00bfEn cu\u00e1ntas actividades les puedo apuntar?<\/strong> Una por d\u00eda.<br \/><strong>18. \u00bfCu\u00e1ndo empezar\u00e1n las actividades extraescolares?<\/strong> En octubre, concretamente el lunes 4 de octubre.<br \/><strong>19. \u00bfCu\u00e1ndo acaban?<\/strong> En mayo de 2022, inclusive, o hasta que el Departamento de Educaci\u00f3n de otras instrucciones.<br \/><strong>20. \u00bfLes puedo dar de baja antes?<\/strong> Sin problema. Tambi\u00e9n causar\u00e1 baja el alumnado con 3 faltas de asistencia no justificadas. En aras a una correcta planificaci\u00f3n de las actividades extraescolares, se solicitar\u00e1 un documento firmado a las familias con el compromiso de asistencia a las mismas.<br \/><strong>21. \u00bfSon todas gratuitas?<\/strong> Las organizadas por el centro s\u00ed. La APYMA u otras organizaciones pueden organizar otras actividades que pueden llevar un coste (consultar en su p\u00e1gina web). <br \/><strong>22. \u00bfTiene que llevar mi hijo o hija mascarilla durante las actividades extraescolares?<\/strong> Los alumnos y alumnas portar\u00e1n mascarilla independientemente de su edad, conforme determinen las autoridades sanitarias.<\/p><\/div>\n\t\t\t\t\t\t\t\t\t<div class=\"elementor-tab-title elementor-tab-mobile-title\" aria-selected=\"false\" data-tab=\"6\" role=\"tab\" tabindex=\"-1\" aria-controls=\"elementor-tab-content-1196\" aria-expanded=\"false\">Consultas<\/div>\n\t\t\t\t\t<div id=\"elementor-tab-content-1196\" class=\"elementor-tab-content elementor-clearfix\" data-tab=\"6\" role=\"tabpanel\" aria-labelledby=\"elementor-tab-title-1196\" tabindex=\"0\" hidden=\"hidden\"><div role=\"form\" class=\"wpcf7\" id=\"wpcf7-f3414-o1\" lang=\"es-ES\" dir=\"ltr\">\n<div class=\"screen-reader-response\"><p role=\"status\" aria-live=\"polite\" aria-atomic=\"true\"><\/p> <ul><\/ul><\/div>\n<form action=\"\/web\/wp-json\/wp\/v2\/pages\/3387#wpcf7-f3414-o1\" method=\"post\" class=\"wpcf7-form init\" novalidate=\"novalidate\" data-status=\"init\">\n<div style=\"display: none;\">\n<input type=\"hidden\" name=\"_wpcf7\" value=\"3414\" \/>\n<input type=\"hidden\" name=\"_wpcf7_version\" value=\"5.6.4\" \/>\n<input type=\"hidden\" name=\"_wpcf7_locale\" value=\"es_ES\" \/>\n<input type=\"hidden\" name=\"_wpcf7_unit_tag\" value=\"wpcf7-f3414-o1\" \/>\n<input type=\"hidden\" name=\"_wpcf7_container_post\" value=\"0\" \/>\n<input type=\"hidden\" name=\"_wpcf7_posted_data_hash\" value=\"\" \/>\n<\/div>\n<p><label> Por favor, introduce tu nombre (obligatorio)<br \/>\n    <span class=\"wpcf7-form-control-wrap\" data-name=\"your-name\"><input type=\"text\" name=\"your-name\" value=\"\" size=\"40\" class=\"wpcf7-form-control wpcf7-text wpcf7-validates-as-required\" aria-required=\"true\" aria-invalid=\"false\" \/><\/span> <\/label><\/p>\n<p><label> Tu correo electr\u00f3nico (obligatorio)<br \/>\n    <span class=\"wpcf7-form-control-wrap\" data-name=\"your-email\"><input type=\"email\" name=\"your-email\" value=\"\" size=\"40\" class=\"wpcf7-form-control wpcf7-text wpcf7-email wpcf7-validates-as-required wpcf7-validates-as-email\" aria-required=\"true\" aria-invalid=\"false\" \/><\/span> <\/label><\/p>\n<p><label> Tu tel\u00e9fono m\u00f3vil (obligatorio)<br \/>\n<span class=\"wpcf7-form-control-wrap\" data-name=\"Tuactualtelfono\"><input type=\"tel\" name=\"Tuactualtelfono\" value=\"\" size=\"40\" class=\"wpcf7-form-control wpcf7-text wpcf7-tel wpcf7-validates-as-required wpcf7-validates-as-tel\" aria-required=\"true\" aria-invalid=\"false\" \/><\/span> <\/label><\/p>\n<p><label> Nombre de tu hijo o de tu hija (obligatorio)<br \/>\n    <span class=\"wpcf7-form-control-wrap\" data-name=\"your-kid-name\"><input type=\"text\" name=\"your-kid-name\" value=\"\" size=\"40\" class=\"wpcf7-form-control wpcf7-text wpcf7-validates-as-required\" aria-required=\"true\" aria-invalid=\"false\" \/><\/span> <\/label><\/p>\n<p><label> El curso y grupo de tu hijo o hija (obligatorio)<br \/>\n<span class=\"wpcf7-form-control-wrap\" data-name=\"Cursoygrupo\"><select name=\"Cursoygrupo\" class=\"wpcf7-form-control wpcf7-select wpcf7-validates-as-required\" aria-required=\"true\" aria-invalid=\"false\"><option value=\"3 a\u00f1os A\">3 a\u00f1os A<\/option><option value=\"3 a\u00f1os B\">3 a\u00f1os B<\/option><option value=\"4 a\u00f1os A\">4 a\u00f1os A<\/option><option value=\"4 a\u00f1os B\">4 a\u00f1os B<\/option><option value=\"5 a\u00f1os A\">5 a\u00f1os A<\/option><option value=\"5 a\u00f1os B\">5 a\u00f1os B<\/option><option value=\"5 a\u00f1os C\">5 a\u00f1os C<\/option><option value=\"1\u00ba A Primaria\">1\u00ba A Primaria<\/option><option value=\"1\u00ba B Primaria\">1\u00ba B Primaria<\/option><option value=\"1\u00ba C Primaria\">1\u00ba C Primaria<\/option><option value=\"2\u00ba A Primaria\">2\u00ba A Primaria<\/option><option value=\"2\u00ba B Primaria\">2\u00ba B Primaria<\/option><option value=\"Aula Alternativa\">Aula Alternativa<\/option><option value=\"3\u00ba A Primaria\">3\u00ba A Primaria<\/option><option value=\"3\u00ba B Primaria\">3\u00ba B Primaria<\/option><option value=\"4\u00ba A Primaria\">4\u00ba A Primaria<\/option><option value=\"4\u00ba B Primaria\">4\u00ba B Primaria<\/option><option value=\"5\u00ba Primaria\">5\u00ba Primaria<\/option><option value=\"6\u00ba Primaria\">6\u00ba Primaria<\/option><\/select><\/span> <\/label><\/p>\n<p><label> \u00bfQu\u00e9 consulta tienes sobre la jornada continua o las extraescolares?<br \/>\n    <span class=\"wpcf7-form-control-wrap\" data-name=\"your-subject\"><input type=\"text\" name=\"your-subject\" value=\"\" size=\"40\" class=\"wpcf7-form-control wpcf7-text\" aria-invalid=\"false\" \/><\/span> <\/label><\/p>\n<p><label> Tu mensaje<br \/>\n    <span class=\"wpcf7-form-control-wrap\" data-name=\"your-message\"><textarea name=\"your-message\" cols=\"40\" rows=\"10\" class=\"wpcf7-form-control wpcf7-textarea\" aria-invalid=\"false\"><\/textarea><\/span> <\/label><\/p>\n<p>Pregunta antiSPAM:<br \/>\n   <span class=\"wpcf7-form-control-wrap\" data-name=\"quiz-450\"><label><span class=\"wpcf7-quiz-label\">\u00bfCu\u00e1nto son 2+2?<\/span> <input type=\"text\" name=\"quiz-450\" size=\"40\" class=\"wpcf7-form-control wpcf7-quiz\" autocomplete=\"off\" aria-required=\"true\" aria-invalid=\"false\" \/><\/label><input type=\"hidden\" name=\"_wpcf7_quiz_answer_quiz-450\" value=\"58f834eb56f211a60fb1a9044e88567e\" \/><\/span><\/p>\n<p><input type=\"submit\" value=\"Enviar\" class=\"wpcf7-form-control has-spinner wpcf7-submit\" \/><\/p>\n<p style=\"display: none !important;\" class=\"akismet-fields-container\" data-prefix=\"_wpcf7_ak_\"><label>&#916;<textarea name=\"_wpcf7_ak_hp_textarea\" cols=\"45\" rows=\"8\" maxlength=\"100\"><\/textarea><\/label><input type=\"hidden\" id=\"ak_js_1\" name=\"_wpcf7_ak_js\" value=\"207\"\/><script>document.getElementById( \"ak_js_1\" ).setAttribute( \"value\", ( new Date() ).getTime() );<\/script><\/p><div class=\"wpcf7-response-output\" aria-hidden=\"true\"><\/div><\/form><\/div><\/div>\n\t\t\t\t\t\t\t<\/div>\n\t\t<\/div>\n\t\t\t\t<\/div>\n\t\t\t\t<\/div>\n\t\t\t\t\t<\/div>\n\t\t<\/div>\n\t\t\t\t\t\t\t<\/div>\n\t\t<\/section>\n\t\t\t\t\t\t\t<\/div>\n\t\t","protected":false},"excerpt":{"rendered":"<p>En base a lo recogido en el punto 1. Organizaci\u00f3n escolar adaptada a la pandemia del \u201cProtocolo de prevenci\u00f3n y organizaci\u00f3n para el desarrollo de la actividad educativa presencial para el curso acad\u00e9mico 2021\/2022\u201d y en concreto en el apartado 4.- Vigencia de la situaci\u00f3n y posibles medidas de relajaci\u00f3n, a partir del pr\u00f3ximo lunes [&hellip;]<\/p>\n","protected":false},"author":3,"featured_media":0,"parent":0,"menu_order":0,"comment_status":"closed","ping_status":"closed","template":"","meta":{"_genesis_hide_title":false,"_genesis_hide_breadcrumbs":false,"_genesis_hide_singular_image":false,"_genesis_hide_footer_widgets":false,"_genesis_custom_body_class":"","_genesis_custom_post_class":"","_genesis_layout":"full-width-content","jetpack_post_was_ever_published":false,"footnotes":""},"jetpack_sharing_enabled":true,"jetpack_likes_enabled":true,"_links":{"self":[{"href":"https:\/\/cppaderborn.educacion.navarra.es\/web\/wp-json\/wp\/v2\/pages\/3387"}],"collection":[{"href":"https:\/\/cppaderborn.educacion.navarra.es\/web\/wp-json\/wp\/v2\/pages"}],"about":[{"href":"https:\/\/cppaderborn.educacion.navarra.es\/web\/wp-json\/wp\/v2\/types\/page"}],"author":[{"embeddable":true,"href":"https:\/\/cppaderborn.educacion.navarra.es\/web\/wp-json\/wp\/v2\/users\/3"}],"replies":[{"embeddable":true,"href":"https:\/\/cppaderborn.educacion.navarra.es\/web\/wp-json\/wp\/v2\/comments?post=3387"}],"version-history":[{"count":99,"href":"https:\/\/cppaderborn.educacion.navarra.es\/web\/wp-json\/wp\/v2\/pages\/3387\/revisions"}],"predecessor-version":[{"id":3923,"href":"https:\/\/cppaderborn.educacion.navarra.es\/web\/wp-json\/wp\/v2\/pages\/3387\/revisions\/3923"}],"wp:attachment":[{"href":"https:\/\/cppaderborn.educacion.navarra.es\/web\/wp-json\/wp\/v2\/media?parent=3387"}],"curies":[{"name":"wp","href":"https:\/\/api.w.org\/{rel}","templated":true}]}}